{"id":569,"date":"2021-04-26T15:42:26","date_gmt":"2021-04-26T13:42:26","guid":{"rendered":"http:\/\/myriamy.cluster030.hosting.ovh.net\/myriambenoliel\/?page_id=569"},"modified":"2022-04-07T16:24:00","modified_gmt":"2022-04-07T14:24:00","slug":"the-gallery","status":"publish","type":"page","link":"http:\/\/myriambenoliel.com\/index.php\/the-gallery\/","title":{"rendered":"The gallery &#8211; Period 1"},"content":{"rendered":"<div  data-label=\"Features\" data-id=\"features--1\" data-export-id=\"features-13\" data-category=\"features\" class=\"features-13 content-section content-section-spacing\" id=\"features-1\" style=\"background-color: rgb(255, 255, 255); background-image: none;\"><div  class=\"gridContainer\"> <div  class=\"row text-center\"><div  class=\"section-title-col\" data-type=\"column\">  <\/div> <\/div> <div  class=\"row spaced-cols center-sm\" data-type=\"row\"> <div  class=\"col col-sm-6 col-md-3 space-bottom\">  <h4  class=\"\"><span  style=\"color: rgb(1, 155, 152); font-weight: 700;\">&nbsp;\u2013 Period 1 \u2013<\/span><\/h4> <p  class=\"\"><span  style=\"font-weight: 600; color: rgb(1, 155, 152);\">La t\u00eate dans les \u00e9toiles<\/span><\/p> <a class=\"button y-move small color3 square\" href=\"http:\/\/myriambenoliel.com\/index.php\/the-gallery\/the-gallery\" target=\"_self\" data-cp-link=\"1\" data-icon=\"\" rel=\"noopener noreferrer\">Discover<\/a><\/div> <div  class=\"col col-sm-6 col-md-3 space-bottom\"> <h4  class=\"\">Period 2<\/h4> <p  class=\"\">Conscience<\/p> <a class=\"button y-move small color3 square\" href=\"http:\/\/myriambenoliel.com\/index.php\/the-gallery\/the-gallery-period-2\" target=\"_self\" data-cp-link=\"1\" data-icon=\"\" rel=\"noopener noreferrer\">Discover<\/a><\/div> <div  class=\"col col-sm-6 col-md-3 space-bottom\"> <h4  class=\"\">Period 3<\/h4> <p  class=\"\">Sound<\/p> <a class=\"button y-move small color3 square\" href=\"http:\/\/myriambenoliel.com\/index.php\/the-gallery\/the-gallery-period-3\" target=\"_self\" data-cp-link=\"1\" data-icon=\"\" rel=\"noopener noreferrer\">Discover<\/a><\/div>  <div  class=\"col col-sm-6 col-md-3 space-bottom\">  <h4  class=\"\">Period 4<\/h4> <p  class=\"\">Shadows<\/p> <a class=\"button y-move small color3 square\" href=\"http:\/\/myriambenoliel.com\/index.php\/the-gallery\/the-gallery-period-4\" target=\"_self\" data-cp-link=\"1\" data-icon=\"\" rel=\"noopener noreferrer\">Discover<\/a><\/div><\/div><\/div> <\/div><div  data-label=\"Portfolio\" data-id=\"portfolio--3\" data-export-id=\"portfolio-6\" data-category=\"portfolio\" class=\"portfolio-6 content-section content-section-spacing\" id=\"portfolio-3\" style=\"background-color: rgb(255, 255, 255);\"><div  class=\"gridContainer\"> <div  class=\"row text-center\"><div  class=\"section-title-col\" data-type=\"column\">  <\/div> <\/div> <div  class=\"row space-bottom spaced-cols center-sm\" data-type=\"row\"> <div  class=\"col-xs-12 col-sm-4 text-center col-md-4 \"> <div  class=\"card no-padding \"> <div  data-hover-fx=\"portfolio-5\" class=\"contentswap-effect\"> <div  class=\"initial-image\"> <img  data-size=\"500x333\" src=\"http:\/\/myriambenoliel.com\/wp-content\/uploads\/2021\/05\/At-the-beginning-scaled.jpg\"><\/div> <div  class=\"overlay bg-color6\"><\/div> <div  class=\"swap-inner col-xs-12\"> <div  class=\"row full-height-row middle-xs middle-sm\"> <div  class=\"col-xs-12 text-center content-holder\"> <a href=\"http:\/\/myriambenoliel.com\/wp-content\/uploads\/2021\/05\/At-the-beginning-scaled.jpg\" target=\"lightbox\" rel=\"noopener noreferrer\" class=\"\"><i  class=\"fa icon portfolio-icon fa-search big color3\" aria-hidden=\"true\"><\/i><\/a><\/div> <\/div><\/div> <\/div> <div  class=\"space-bottom space-top col-xs-12\" data-type=\"column\"> <h4  class=\"\"><span  style=\"font-weight: 600;\">At the beginning<\/span><\/h4> <p  class=\"small italic\" style=\"text-align: justify;\">Un univers primordial d\u2019intense densit\u00e9, sans structures, baignant de rayonnements. La base du tout, la matrice. 80 x 80cm<\/p><\/div> <\/div><\/div>   <div  class=\"col-xs-12 col-sm-4 text-center col-md-4 \"> <div  class=\"card no-padding \"> <div  data-hover-fx=\"portfolio-5\" class=\"contentswap-effect\"> <div  class=\"initial-image\"> <img  data-size=\"500x333\" src=\"http:\/\/myriambenoliel.com\/wp-content\/uploads\/2021\/05\/Guevura-scaled.jpg\"><\/div> <div  class=\"overlay bg-color6\"><\/div> <div  class=\"swap-inner col-xs-12\"> <div  class=\"row full-height-row middle-xs middle-sm\"> <div  class=\"col-xs-12 text-center content-holder\"> <a href=\"http:\/\/myriambenoliel.com\/wp-content\/uploads\/2021\/05\/Guevura-scaled.jpg\" target=\"lightbox\" rel=\"noopener noreferrer\" class=\"\"><i  class=\"fa icon portfolio-icon fa-search big color3\" aria-hidden=\"true\"><\/i><\/a><\/div> <\/div><\/div> <\/div> <div  class=\"space-bottom space-top col-xs-12\" data-type=\"column\"> <h4  class=\"\"><span  style=\"font-weight: 600;\">Guevura<\/span><\/h4> <p  class=\"small italic\" style=\"text-align: justify;\">Contraction de toutes les forces de la mati\u00e8re afin de cr\u00e9er une r\u00e9alit\u00e9 ext\u00e9rieure.\r\n<br >90 x 90cm\r\n<\/p><\/div> <\/div><\/div><div  class=\"col-xs-12 col-sm-4 text-center col-md-4 \"> <div  class=\"card no-padding \"> <div  data-hover-fx=\"portfolio-5\" class=\"contentswap-effect\"> <div  class=\"initial-image\"> <img  data-size=\"500x333\" src=\"http:\/\/myriambenoliel.com\/wp-content\/uploads\/2021\/05\/Collapse-scaled.jpg\"><\/div> <div  class=\"overlay bg-color6\"><\/div> <div  class=\"swap-inner col-xs-12\"> <div  class=\"row full-height-row middle-xs middle-sm\"> <div  class=\"col-xs-12 text-center content-holder\"> <a href=\"http:\/\/myriambenoliel.com\/wp-content\/uploads\/2021\/05\/Collapse-scaled.jpg\" target=\"lightbox\" rel=\"noopener noreferrer\" class=\"\"><i  class=\"fa icon portfolio-icon fa-search big color3\" aria-hidden=\"true\"><\/i><\/a><\/div> <\/div><\/div> <\/div> <div  class=\"space-bottom space-top col-xs-12\" data-type=\"column\"> <h4  class=\"\"><span  style=\"font-weight: 600;\">Collapse<\/span><\/h4> <p  class=\"small italic\" style=\"text-align: justify;\">une hypoth\u00e9tique br\u00e8che dans notre univers visible, un trou dans l\u2019espace temps. La cause d\u2019un effondrement ? 90 x 90cm<\/p><\/div> <\/div><\/div><\/div> <div  class=\"row\"> <div  data-type=\"column\" class=\"col-xs-12 text-center\"> <\/div> <\/div><\/div> <\/div><div  data-label=\"Portfolio\" data-id=\"portfolio--4\" data-export-id=\"portfolio-6\" data-category=\"portfolio\" class=\"portfolio-6 content-section content-section-spacing\" id=\"portfolio-4\" style=\"background-color: rgb(255, 255, 255); background-image: none;\"><div  class=\"gridContainer\"> <div  class=\"row text-center\"><div  class=\"section-title-col\" data-type=\"column\">  <\/div> <\/div> <div  class=\"row space-bottom spaced-cols center-sm\" data-type=\"row\"> <div  class=\"col-xs-12 col-sm-4 text-center col-md-4 \"> <div  class=\"card no-padding \"> <div  data-hover-fx=\"portfolio-5\" class=\"contentswap-effect\"> <div  class=\"initial-image\"> <img  data-size=\"500x333\" src=\"http:\/\/myriambenoliel.com\/wp-content\/uploads\/2021\/05\/Eternity-continuum-scaled.jpg\"><\/div> <div  class=\"overlay bg-color6\"><\/div> <div  class=\"swap-inner col-xs-12\"> <div  class=\"row full-height-row middle-xs middle-sm\"> <div  class=\"col-xs-12 text-center content-holder\"> <a href=\"http:\/\/myriambenoliel.com\/wp-content\/uploads\/2021\/05\/Eternity-continuum-scaled.jpg\" target=\"lightbox\" rel=\"noopener noreferrer\" class=\"\"><i  class=\"fa icon portfolio-icon fa-search big color3\" aria-hidden=\"true\"><\/i><\/a><\/div> <\/div><\/div> <\/div> <div  class=\"space-bottom space-top col-xs-12\" data-type=\"column\"> <h4  class=\"\"><span  style=\"font-weight: 600;\">Eternity continuum<\/span><\/h4> <p  class=\"small italic\">Expansion de l\u2019espace temps o\u00f9 les strates d\u2019ann\u00e9es lumi\u00e8res s\u2019offrent \u00e0 nous tel un livre ouvert. Diptyque 90cmx180cm<\/p><\/div> <\/div><\/div> <div  class=\"col-xs-12 col-sm-4 text-center col-md-4 \"><div  class=\"card no-padding \"> <div  data-hover-fx=\"portfolio-5\" class=\"contentswap-effect\"><div  class=\"initial-image\"> <img  data-size=\"500x333\" src=\"http:\/\/myriambenoliel.com\/wp-content\/uploads\/2021\/05\/Indiscernable-Crepuscule-scaled.jpg\"><\/div> <div  class=\"overlay bg-color6\"><\/div> <div  class=\"swap-inner col-xs-12\"> <div  class=\"row full-height-row middle-xs middle-sm\"> <div  class=\"col-xs-12 text-center content-holder\"> <a href=\"http:\/\/myriambenoliel.com\/wp-content\/uploads\/2021\/05\/Indiscernable-Crepuscule-scaled.jpg\" target=\"lightbox\" rel=\"noopener noreferrer\" class=\"\"><i  class=\"fa icon portfolio-icon fa-search big color3\" aria-hidden=\"true\"><\/i><\/a><\/div> <\/div><\/div> <\/div> <div  class=\"space-bottom space-top col-xs-12\" data-type=\"column\"> <h4  class=\"\">I<span  style=\"font-weight: 600;\">ndiscernable cr\u00e9puscule<\/span><\/h4> <p  class=\"small italic\">Vortex o\u00f9 nuages et brumes se m\u00e9langent aux fluides int\u00e9rieurs. Diptyque 90cmx180cm<\/p><\/div> <\/div><\/div>  <div  class=\"col-xs-12 col-sm-4 text-center col-md-4 \"> <div  class=\"card no-padding \"> <div  data-hover-fx=\"portfolio-5\" class=\"contentswap-effect\"> <div  class=\"initial-image\"> <img  data-size=\"500x333\" src=\"http:\/\/myriambenoliel.com\/wp-content\/uploads\/2021\/05\/Reminiscence-of-a-lost-world-scaled.jpg\"><\/div> <div  class=\"overlay bg-color6\"><\/div> <div  class=\"swap-inner col-xs-12\"> <div  class=\"row full-height-row middle-xs middle-sm\"> <div  class=\"col-xs-12 text-center content-holder\"> <a href=\"http:\/\/myriambenoliel.com\/wp-content\/uploads\/2021\/05\/Reminiscence-of-a-lost-world-scaled.jpg\" target=\"_self\" rel=\"noopener noreferrer\" class=\"\"><i  class=\"fa icon portfolio-icon fa-search big color3\" aria-hidden=\"true\"><\/i><\/a><\/div> <\/div><\/div> <\/div> <div  class=\"space-bottom space-top col-xs-12\" data-type=\"column\"> <h4  class=\"\"><span  style=\"font-weight: 600;\">Reminiscence of a lost world<\/span><\/h4> <p  class=\"small italic\">En gravit\u00e9 quantique, des \u00abcordes \u00bb se propageant dans l\u2019espace et interagissant entre elles par des vibrations. Diptyque 90cmx180cmm<\/p><\/div> <\/div><\/div><div  class=\"col-xs-12 col-sm-4 text-center col-md-4 \"> <div  class=\"card no-padding \"> <div  data-hover-fx=\"portfolio-5\" class=\"contentswap-effect\"> <div  class=\"initial-image\"> <img  data-size=\"500x333\" src=\"http:\/\/myriambenoliel.com\/wp-content\/uploads\/2021\/05\/dust-primordial-1-scaled.jpg\"><\/div> <div  class=\"overlay bg-color6\"><\/div> <div  class=\"swap-inner col-xs-12\"> <div  class=\"row full-height-row middle-xs middle-sm\"> <div  class=\"col-xs-12 text-center content-holder\"> <a href=\"http:\/\/myriambenoliel.com\/wp-content\/uploads\/2021\/05\/dust-primordial-1-scaled.jpg\" target=\"_self\" rel=\"noopener noreferrer\" class=\"\"><i  class=\"fa icon portfolio-icon fa-search big color3\" aria-hidden=\"true\"><\/i><\/a><\/div> <\/div><\/div> <\/div> <div  class=\"space-bottom space-top col-xs-12\" data-type=\"column\"> <h4  class=\"\"><span  style=\"font-weight: 600;\">Primordial dust<\/span><\/h4> <p  class=\"small italic\" style=\"text-align: justify;\">Poussi\u00e8re interstellaire dont la polarisation \u00e9met un signal dans le fond diffus cosmologique \u00e9lectromagn\u00e9tique, tel un t\u00e9moignage. Diptyque 80cmx160cm<\/p><\/div> <\/div><\/div><div  class=\"col-xs-12 col-sm-4 text-center col-md-4 \"> <div  class=\"card no-padding \"> <div  data-hover-fx=\"portfolio-5\" class=\"contentswap-effect\"> <div  class=\"initial-image\"> <img  data-size=\"500x333\" src=\"http:\/\/myriambenoliel.com\/wp-content\/uploads\/2021\/05\/Eclosion-d_eternite-scaled.jpg\"><\/div> <div  class=\"overlay bg-color6\"><\/div> <div  class=\"swap-inner col-xs-12\"> <div  class=\"row full-height-row middle-xs middle-sm\"> <div  class=\"col-xs-12 text-center content-holder\"> <a href=\"http:\/\/myriambenoliel.com\/wp-content\/uploads\/2021\/05\/Eclosion-d_eternite-scaled.jpg\" target=\"_self\" rel=\"noopener noreferrer\" class=\"\"><i  class=\"fa icon portfolio-icon fa-search big color3\" aria-hidden=\"true\"><\/i><\/a><\/div> <\/div><\/div> <\/div> <div  class=\"space-bottom space-top col-xs-12\" data-type=\"column\"> <h4  class=\"\"><\/h4><h4  class=\"\" style=\"margin-bottom: 16px; outline-color: rgb(204, 204, 204); outline-style: solid;\"><span  style=\"font-weight: 600;\">Eclosion d\u2019\u00e9ternit\u00e9<\/span><\/h4> <p  class=\"small italic\" style=\"text-align: justify;\">Tout n\u2019est que poussi\u00e8res d\u2019\u00e9toiles. La mati\u00e8re n\u2019est qu\u2019un \u00e9ternel recommencement dont jamais le cycle ne s\u2019interrompt. Triptyque 70 x 150cm<\/p><\/div> <\/div><\/div><\/div> <div  class=\"row\"> <div  data-type=\"column\" class=\"col-xs-12 text-center\"> <\/div> <\/div><\/div> <\/div>","protected":false},"excerpt":{"rendered":"<p>&nbsp;\u2013 Period 1 \u2013 La t\u00eate dans les \u00e9toiles Discover Period 2 Conscience Discover Period 3 Sound Discover Period 4 Shadows Discover At the beginning Un univers primordial d\u2019intense densit\u00e9, sans structures, baignant de rayonnements. La base du tout, la matrice. 80 x 80cm Guevura Contraction de toutes les forces de la mati\u00e8re afin de&hellip; <br \/> <a class=\"read-more\" href=\"http:\/\/myriambenoliel.com\/index.php\/the-gallery\/\">Read more<\/a><\/p>\n","protected":false},"author":1,"featured_media":0,"parent":0,"menu_order":0,"comment_status":"closed","ping_status":"closed","template":"pro\/page-templates\/full-width-page.php","meta":[],"featured_image_urls":{"full":"","thumbnail":"","medium":"","medium_large":"","large":"","1536x1536":"","2048x2048":"","maxphotography_806_775":"","maxphotography_86_86":"","maxphotography_870_443":"","maxphotography_66_66":"","maxphotography_75_75":"","maxphotography_322_637":"","maxphotography_370_336":"","maxphotography_100_98":"","maxphotography_1170_700":"","maxphotography_582_500":"","maxphotography_391_381":"","maxphotography_475_968":"","maxphotography_475_480":"","maxphotography_950_480":"","post-thumbnail":"","mesmerize-full-hd":""},"post_excerpt_stackable":"<p>&nbsp;\u2013 Period 1 \u2013 La t\u00eate dans les \u00e9toiles Discover Period 2 Conscience Discover Period 3 Sound Discover Period 4 Shadows Discover At the beginning Un univers primordial d\u2019intense densit\u00e9, sans structures, baignant de rayonnements. La base du tout, la matrice. 80 x 80cm Guevura Contraction de toutes les forces de la mati\u00e8re afin de cr\u00e9er une r\u00e9alit\u00e9 ext\u00e9rieure. 90 x 90cm Collapse une hypoth\u00e9tique br\u00e8che dans notre univers visible, un trou dans l\u2019espace temps. La cause d\u2019un effondrement ? 90 x 90cm Eternity continuum Expansion de l\u2019espace temps o\u00f9 les strates d\u2019ann\u00e9es lumi\u00e8res s\u2019offrent \u00e0 nous tel un livre\u2026<\/p>\n","category_list":"","author_info":{"name":"myriamy","url":"http:\/\/myriambenoliel.com\/index.php\/author\/myriamy\/"},"comments_num":"0 comments","yoast_head":"<!-- This site is optimized with the Yoast SEO plugin v18.5.1 - https:\/\/yoast.com\/wordpress\/plugins\/seo\/ -->\n<title>The gallery - Period 1 - Myriam Benoliel, Abstract Painter<\/title>\n<meta name=\"description\" content=\"Myriam Benoliel, the Gallery, Abstract painter based in Paris, France\" \/>\n<meta name=\"robots\" content=\"index, follow, max-snippet:-1, max-image-preview:large, max-video-preview:-1\" \/>\n<link rel=\"canonical\" href=\"http:\/\/myriambenoliel.com\/index.php\/the-gallery\/\" \/>\n<meta property=\"og:locale\" content=\"fr_FR\" \/>\n<meta property=\"og:type\" content=\"article\" \/>\n<meta property=\"og:title\" content=\"The gallery - Period 1 - Myriam Benoliel, Abstract Painter\" \/>\n<meta property=\"og:description\" content=\"Myriam Benoliel, the Gallery, Abstract painter based in Paris, France\" \/>\n<meta property=\"og:url\" content=\"http:\/\/myriambenoliel.com\/index.php\/the-gallery\/\" \/>\n<meta property=\"og:site_name\" content=\"Myriam Benoliel, Abstract Painter\" \/>\n<meta property=\"article:modified_time\" content=\"2022-04-07T14:24:00+00:00\" \/>\n<meta property=\"og:image\" content=\"http:\/\/myriambenoliel.com\/wp-content\/uploads\/2021\/05\/At-the-beginning-scaled.jpg\" \/>\n<meta name=\"twitter:card\" content=\"summary_large_image\" \/>\n<meta name=\"twitter:label1\" content=\"Dur\u00e9e de lecture estim\u00e9e\" \/>\n\t<meta name=\"twitter:data1\" content=\"1 minute\" \/>\n<script type=\"application\/ld+json\" class=\"yoast-schema-graph\">{\"@context\":\"https:\/\/schema.org\",\"@graph\":[{\"@type\":\"WebSite\",\"@id\":\"http:\/\/myriambenoliel.com\/#website\",\"url\":\"http:\/\/myriambenoliel.com\/\",\"name\":\"Myriam Benoliel, Abstract Painter\",\"description\":\"Abstract Painter\",\"potentialAction\":[{\"@type\":\"SearchAction\",\"target\":{\"@type\":\"EntryPoint\",\"urlTemplate\":\"http:\/\/myriambenoliel.com\/?s={search_term_string}\"},\"query-input\":\"required name=search_term_string\"}],\"inLanguage\":\"fr-FR\"},{\"@type\":\"ImageObject\",\"@id\":\"http:\/\/myriambenoliel.com\/index.php\/the-gallery\/#primaryimage\",\"inLanguage\":\"fr-FR\",\"url\":\"http:\/\/myriambenoliel.com\/wp-content\/uploads\/2021\/05\/At-the-beginning-scaled.jpg\",\"contentUrl\":\"http:\/\/myriambenoliel.com\/wp-content\/uploads\/2021\/05\/At-the-beginning-scaled.jpg\",\"width\":2560,\"height\":2560,\"caption\":\"Titre 4\"},{\"@type\":\"WebPage\",\"@id\":\"http:\/\/myriambenoliel.com\/index.php\/the-gallery\/#webpage\",\"url\":\"http:\/\/myriambenoliel.com\/index.php\/the-gallery\/\",\"name\":\"The gallery - Period 1 - Myriam Benoliel, Abstract Painter\",\"isPartOf\":{\"@id\":\"http:\/\/myriambenoliel.com\/#website\"},\"primaryImageOfPage\":{\"@id\":\"http:\/\/myriambenoliel.com\/index.php\/the-gallery\/#primaryimage\"},\"datePublished\":\"2021-04-26T13:42:26+00:00\",\"dateModified\":\"2022-04-07T14:24:00+00:00\",\"description\":\"Myriam Benoliel, the Gallery, Abstract painter based in Paris, France\",\"breadcrumb\":{\"@id\":\"http:\/\/myriambenoliel.com\/index.php\/the-gallery\/#breadcrumb\"},\"inLanguage\":\"fr-FR\",\"potentialAction\":[{\"@type\":\"ReadAction\",\"target\":[\"http:\/\/myriambenoliel.com\/index.php\/the-gallery\/\"]}]},{\"@type\":\"BreadcrumbList\",\"@id\":\"http:\/\/myriambenoliel.com\/index.php\/the-gallery\/#breadcrumb\",\"itemListElement\":[{\"@type\":\"ListItem\",\"position\":1,\"name\":\"Accueil\",\"item\":\"http:\/\/myriambenoliel.com\/\"},{\"@type\":\"ListItem\",\"position\":2,\"name\":\"The gallery &#8211; Period 1\"}]}]}<\/script>\n<!-- \/ Yoast SEO plugin. -->","yoast_head_json":{"title":"The gallery - Period 1 - Myriam Benoliel, Abstract Painter","description":"Myriam Benoliel, the Gallery, Abstract painter based in Paris, France","robots":{"index":"index","follow":"follow","max-snippet":"max-snippet:-1","max-image-preview":"max-image-preview:large","max-video-preview":"max-video-preview:-1"},"canonical":"http:\/\/myriambenoliel.com\/index.php\/the-gallery\/","og_locale":"fr_FR","og_type":"article","og_title":"The gallery - Period 1 - Myriam Benoliel, Abstract Painter","og_description":"Myriam Benoliel, the Gallery, Abstract painter based in Paris, France","og_url":"http:\/\/myriambenoliel.com\/index.php\/the-gallery\/","og_site_name":"Myriam Benoliel, Abstract Painter","article_modified_time":"2022-04-07T14:24:00+00:00","og_image":[{"url":"http:\/\/myriambenoliel.com\/wp-content\/uploads\/2021\/05\/At-the-beginning-scaled.jpg"}],"twitter_card":"summary_large_image","twitter_misc":{"Dur\u00e9e de lecture estim\u00e9e":"1 minute"},"schema":{"@context":"https:\/\/schema.org","@graph":[{"@type":"WebSite","@id":"http:\/\/myriambenoliel.com\/#website","url":"http:\/\/myriambenoliel.com\/","name":"Myriam Benoliel, Abstract Painter","description":"Abstract Painter","potentialAction":[{"@type":"SearchAction","target":{"@type":"EntryPoint","urlTemplate":"http:\/\/myriambenoliel.com\/?s={search_term_string}"},"query-input":"required name=search_term_string"}],"inLanguage":"fr-FR"},{"@type":"ImageObject","@id":"http:\/\/myriambenoliel.com\/index.php\/the-gallery\/#primaryimage","inLanguage":"fr-FR","url":"http:\/\/myriambenoliel.com\/wp-content\/uploads\/2021\/05\/At-the-beginning-scaled.jpg","contentUrl":"http:\/\/myriambenoliel.com\/wp-content\/uploads\/2021\/05\/At-the-beginning-scaled.jpg","width":2560,"height":2560,"caption":"Titre 4"},{"@type":"WebPage","@id":"http:\/\/myriambenoliel.com\/index.php\/the-gallery\/#webpage","url":"http:\/\/myriambenoliel.com\/index.php\/the-gallery\/","name":"The gallery - Period 1 - Myriam Benoliel, Abstract Painter","isPartOf":{"@id":"http:\/\/myriambenoliel.com\/#website"},"primaryImageOfPage":{"@id":"http:\/\/myriambenoliel.com\/index.php\/the-gallery\/#primaryimage"},"datePublished":"2021-04-26T13:42:26+00:00","dateModified":"2022-04-07T14:24:00+00:00","description":"Myriam Benoliel, the Gallery, Abstract painter based in Paris, France","breadcrumb":{"@id":"http:\/\/myriambenoliel.com\/index.php\/the-gallery\/#breadcrumb"},"inLanguage":"fr-FR","potentialAction":[{"@type":"ReadAction","target":["http:\/\/myriambenoliel.com\/index.php\/the-gallery\/"]}]},{"@type":"BreadcrumbList","@id":"http:\/\/myriambenoliel.com\/index.php\/the-gallery\/#breadcrumb","itemListElement":[{"@type":"ListItem","position":1,"name":"Accueil","item":"http:\/\/myriambenoliel.com\/"},{"@type":"ListItem","position":2,"name":"The gallery &#8211; Period 1"}]}]}},"_links":{"self":[{"href":"http:\/\/myriambenoliel.com\/index.php\/wp-json\/wp\/v2\/pages\/569"}],"collection":[{"href":"http:\/\/myriambenoliel.com\/index.php\/wp-json\/wp\/v2\/pages"}],"about":[{"href":"http:\/\/myriambenoliel.com\/index.php\/wp-json\/wp\/v2\/types\/page"}],"author":[{"embeddable":true,"href":"http:\/\/myriambenoliel.com\/index.php\/wp-json\/wp\/v2\/users\/1"}],"replies":[{"embeddable":true,"href":"http:\/\/myriambenoliel.com\/index.php\/wp-json\/wp\/v2\/comments?post=569"}],"version-history":[{"count":69,"href":"http:\/\/myriambenoliel.com\/index.php\/wp-json\/wp\/v2\/pages\/569\/revisions"}],"predecessor-version":[{"id":1203,"href":"http:\/\/myriambenoliel.com\/index.php\/wp-json\/wp\/v2\/pages\/569\/revisions\/1203"}],"wp:attachment":[{"href":"http:\/\/myriambenoliel.com\/index.php\/wp-json\/wp\/v2\/media?parent=569"}],"curies":[{"name":"wp","href":"https:\/\/api.w.org\/{rel}","templated":true}]}}