{"id":1024,"date":"2022-03-12T18:41:49","date_gmt":"2022-03-12T17:41:49","guid":{"rendered":"http:\/\/myriamy.cluster030.hosting.ovh.net\/myriambenoliel\/?page_id=1024"},"modified":"2022-04-07T16:27:58","modified_gmt":"2022-04-07T14:27:58","slug":"the-gallery-period-4","status":"publish","type":"page","link":"http:\/\/myriambenoliel.com\/index.php\/the-gallery-period-4\/","title":{"rendered":"The gallery &#8211; Period 4"},"content":{"rendered":"<div data-label=\"Features\" data-id=\"features--1\" data-export-id=\"features-13\" data-category=\"features\" class=\"features-13 content-section content-section-spacing\" id=\"features-1\" style=\"background-color: rgb(255, 255, 255); background-image: none;\">\n<div class=\"gridContainer\">\n<div class=\"row text-center\">\n<div class=\"section-title-col\" data-type=\"column\"><\/div>\n<\/div>\n<div class=\"row spaced-cols center-sm\" data-type=\"row\">\n<div class=\"col col-sm-6 col-md-3 space-bottom\">\n<h4 class=\"\">Period 1<\/h4>\n<p class=\"\">La t\u00eate dans les \u00e9toiles<\/p>\n <a class=\"button y-move small color3 square\" href=\"http:\/\/myriambenoliel.com\/index.php\/the-gallery\" target=\"_self\" data-cp-link=\"1\" data-icon=\"\" rel=\"noopener noreferrer\">Discover<\/a>\n\n<\/div>\n<div class=\"col col-sm-6 col-md-3 space-bottom\">\n<h4 class=\"\">Period 2<\/h4>\n<p class=\"\">Conscience<\/p>\n <a class=\"button y-move small color3 square\" href=\"http:\/\/myriambenoliel.com\/index.php\/the-gallery-period-2\" target=\"_self\" data-cp-link=\"1\" data-icon=\"\" rel=\"noopener noreferrer\">Discover<\/a>\n\n<\/div>\n<div class=\"col col-sm-6 col-md-3 space-bottom\">\n<h4 class=\"\">Period 3<\/h4>\n<p class=\"\">Sound<\/p>\n <a class=\"button y-move small color3 square\" href=\"http:\/\/myriambenoliel.com\/index.php\/the-gallery-period-3\" target=\"_self\" data-cp-link=\"1\" data-icon=\"\" rel=\"noopener noreferrer\">Discover<\/a>\n\n<\/div>\n<div class=\"col col-sm-6 col-md-3 space-bottom\">\n<h4 class=\"\"><span style=\"font-weight: 700; color: rgb(1, 155, 152);\">&nbsp;\u2013 Period 4 \u2013<\/span><\/h4>\n<p class=\"\"><span style=\"color: rgb(1, 155, 152); font-weight: 600;\">Shadows<\/span><\/p>\n <a class=\"button y-move small color3 square\" href=\"http:\/\/myriambenoliel.com\/index.php\/the-gallery-period-4\" target=\"_self\" data-cp-link=\"1\" data-icon=\"\" rel=\"noopener noreferrer\">Discover<\/a>\n\n<\/div>\n<\/div>\n<\/div>\n<\/div>\n<div data-label=\"Portfolio\" data-id=\"portfolio--3\" data-export-id=\"portfolio-6\" data-category=\"portfolio\" class=\"portfolio-6 content-section content-section-spacing\" id=\"portfolio-3\" style=\"background-color: rgb(255, 255, 255);\">\n<div class=\"gridContainer\">\n<div class=\"row text-center\">\n<div class=\"section-title-col\" data-type=\"column\"><\/div>\n<\/div>\n<div class=\"row space-bottom spaced-cols center-sm\" data-type=\"row\">\n<div class=\"col-xs-12 col-sm-4 text-center col-md-4 \">\n<div class=\"card no-padding \">\n<div data-hover-fx=\"portfolio-5\" class=\"contentswap-effect\">\n<div class=\"initial-image\"> <img data-size=\"500x333\" src=\"http:\/\/myriambenoliel.com\/wp-content\/uploads\/2021\/05\/genesis-scaled.jpg\"><\/div>\n<div class=\"overlay bg-color6\"><\/div>\n<div class=\"swap-inner col-xs-12\">\n<div class=\"row full-height-row middle-xs middle-sm\">\n<div class=\"col-xs-12 text-center content-holder\"> <a href=\"http:\/\/myriambenoliel.com\/wp-content\/uploads\/2021\/05\/genesis-scaled.jpg\" target=\"lightbox\" rel=\"noopener noreferrer\" class=\"\"><i class=\"fa icon portfolio-icon fa-search big color3\" aria-hidden=\"true\"><\/i><\/a><\/div>\n<\/div>\n<\/div>\n<\/div>\n<div class=\"space-bottom space-top col-xs-12\" data-type=\"column\">\n<h4 class=\"\"><span style=\"font-weight: 600;\">Genesis<\/span><\/h4>\n<p class=\"small italic\" style=\"text-align: justify;\">Ma vision personnelle de \u00ab La cr\u00e9ation d\u2019 Adam \u00bb de Michel-Ange. 130x190cm<\/p>\n\n<\/div>\n<\/div>\n<\/div>\n<div class=\"col-xs-12 col-sm-4 text-center col-md-4 \">\n<div class=\"card no-padding \">\n<div data-hover-fx=\"portfolio-5\" class=\"contentswap-effect\">\n<div class=\"initial-image\"> <img data-size=\"500x333\" src=\"http:\/\/myriambenoliel.com\/wp-content\/uploads\/2022\/03\/Covid-in-NY.jpeg\"><\/div>\n<div class=\"overlay bg-color6\"><\/div>\n<div class=\"swap-inner col-xs-12\">\n<div class=\"row full-height-row middle-xs middle-sm\">\n<div class=\"col-xs-12 text-center content-holder\"> <a href=\"http:\/\/myriambenoliel.com\/wp-content\/uploads\/2022\/03\/Covid-in-NY.jpeg\" target=\"lightbox\" rel=\"noopener noreferrer\" class=\"\"><i class=\"fa icon portfolio-icon fa-search big color3\" aria-hidden=\"true\"><\/i><\/a><\/div>\n<\/div>\n<\/div>\n<\/div>\n<div class=\"space-bottom space-top col-xs-12\" data-type=\"column\">\n<h4 class=\"\"><span style=\"font-weight: 600;\">Covid in New york<\/span><\/h4>\n<p class=\"small italic\" style=\"text-align: justify;\">The pandemic like a plague falling on an asphalt city. 100\u00d780cm<\/p>\n\n<\/div>\n<\/div>\n<\/div>\n<div class=\"col-xs-12 col-sm-4 text-center col-md-4 \">\n<div class=\"card no-padding \">\n<div data-hover-fx=\"portfolio-5\" class=\"contentswap-effect\">\n<div class=\"initial-image\"> <img data-size=\"500x333\" src=\"http:\/\/myriambenoliel.com\/wp-content\/uploads\/2021\/05\/Pray-for-Lebanon.jpg\"><\/div>\n<div class=\"overlay bg-color6\"><\/div>\n<div class=\"swap-inner col-xs-12\">\n<div class=\"row full-height-row middle-xs middle-sm\">\n<div class=\"col-xs-12 text-center content-holder\"> <a href=\"http:\/\/myriambenoliel.com\/wp-content\/uploads\/2021\/05\/Pray-for-Lebanon.jpg\" target=\"lightbox\" rel=\"noopener noreferrer\" class=\"\"><i class=\"fa icon portfolio-icon fa-search big color3\" aria-hidden=\"true\"><\/i><\/a><\/div>\n<\/div>\n<\/div>\n<\/div>\n<div class=\"space-bottom space-top col-xs-12\" data-type=\"column\">\n<h4 class=\"\"><span style=\"font-weight: 600;\">Pray for Lebanon<\/span><\/h4>\n<p class=\"small italic\" style=\"text-align: justify;\">La trag\u00e9die, un c\u00e8dre disloqu\u00e9 sur fond de relief c\u00f4tier.  80x100cm<\/p>\n\n<\/div>\n<\/div>\n<\/div>\n<div class=\"col-xs-12 col-sm-4 text-center col-md-4\">\n<div class=\"card no-padding \">\n<div data-hover-fx=\"portfolio-5\" class=\"contentswap-effect\">\n<div class=\"initial-image\"> <img data-size=\"500x333\" src=\"http:\/\/myriambenoliel.com\/wp-content\/uploads\/2021\/05\/shadows.jpg\"><\/div>\n<div class=\"overlay bg-color6\"><\/div>\n<div class=\"swap-inner col-xs-12\">\n<div class=\"row full-height-row middle-xs middle-sm\">\n<div class=\"col-xs-12 text-center content-holder\"> <a href=\"http:\/\/myriambenoliel.com\/wp-content\/uploads\/2021\/05\/shadows.jpg\" target=\"lightbox\" rel=\"noopener noreferrer\" class=\"\"><i class=\"fa icon portfolio-icon fa-search big color3\" aria-hidden=\"true\"><\/i><\/a><\/div>\n<\/div>\n<\/div>\n<\/div>\n<div class=\"space-bottom space-top col-xs-12\" data-type=\"column\">\n<h4 class=\"\"><span style=\"font-weight: 600;\">Dancing shadows<\/span><\/h4>\n<p class=\"small italic\" style=\"text-align: justify;\">Des spectres tels des ombres chinoises agissant dans une autre dimension sur le th\u00e9\u00e2tre du cours de nos vies. Diptyique 100x100cm\n<\/p>\n\n<\/div>\n<\/div>\n<\/div>\n<div class=\"col-xs-12 col-sm-4 text-center col-md-4 \">\n<div class=\"card no-padding \">\n<div data-hover-fx=\"portfolio-5\" class=\"contentswap-effect\">\n<div class=\"initial-image\"> <img data-size=\"500x333\" src=\"http:\/\/myriambenoliel.com\/wp-content\/uploads\/2021\/05\/Roots-of-destiny-scaled.jpg\"><\/div>\n<div class=\"overlay bg-color6\"><\/div>\n<div class=\"swap-inner col-xs-12\">\n<div class=\"row full-height-row middle-xs middle-sm\">\n<div class=\"col-xs-12 text-center content-holder\"> <a href=\"http:\/\/myriambenoliel.com\/wp-content\/uploads\/2021\/05\/Roots-of-destiny-scaled.jpg\" target=\"lightbox\" rel=\"noopener noreferrer\" class=\"\"><i class=\"fa icon portfolio-icon fa-search big color3\" aria-hidden=\"true\"><\/i><\/a><\/div>\n<\/div>\n<\/div>\n<\/div>\n<div class=\"space-bottom space-top col-xs-12\" data-type=\"column\">\n<h4 class=\"\"><span style=\"font-weight: 600;\">Roots of Destiny<\/span><\/h4>\n<p class=\"small italic\" style=\"text-align: justify;\">Sillons \u00e9manant d\u2019un fatalisme, pliant sous la volont\u00e9 du libre arbitre et les tentatives d\u2019y \u00e9chapper. 130x190cm<\/p>\n\n<\/div>\n<\/div>\n<\/div>\n<\/div>\n<div class=\"row\">\n<div data-type=\"column\" class=\"col-xs-12 text-center\"><\/div>\n<\/div>\n<\/div>\n<\/div>\n<div data-label=\"Portfolio\" data-id=\"portfolio--4\" data-export-id=\"portfolio-6\" data-category=\"portfolio\" class=\"portfolio-6 content-section content-section-spacing\" id=\"portfolio-4\" style=\"background-color: rgb(255, 255, 255); background-image: none;\">\n<div class=\"gridContainer\">\n<div class=\"row text-center\">\n<div class=\"section-title-col\" data-type=\"column\"><\/div>\n<\/div>\n<div class=\"row space-bottom spaced-cols center-sm\" data-type=\"row\">\n<div class=\"col-xs-12 col-sm-4 text-center col-md-4 \">\n<div class=\"card no-padding \">\n<div data-hover-fx=\"portfolio-5\" class=\"contentswap-effect\">\n<div class=\"initial-image\"> <img data-size=\"500x333\" src=\"http:\/\/myriambenoliel.com\/wp-content\/uploads\/2021\/05\/Balance-cosmique-equilibre-entre-lumieres-et-tenebres-scaled.jpg\"><\/div>\n<div class=\"overlay bg-color6\"><\/div>\n<div class=\"swap-inner col-xs-12\">\n<div class=\"row full-height-row middle-xs middle-sm\">\n<div class=\"col-xs-12 text-center content-holder\"> <a href=\"http:\/\/myriambenoliel.com\/wp-content\/uploads\/2021\/05\/Balance-cosmique-equilibre-entre-lumieres-et-tenebres-scaled.jpg\" target=\"_self\" rel=\"noopener noreferrer\" class=\"\"><i class=\"fa icon portfolio-icon fa-search big color3\" aria-hidden=\"true\"><\/i><\/a><\/div>\n<\/div>\n<\/div>\n<\/div>\n<div class=\"space-bottom space-top col-xs-12\" data-type=\"column\">\n<h4 class=\"\"><span style=\"font-weight: 600;\">Balance cosmique<\/span><\/h4>\n<p class=\"small italic\" style=\"text-align: justify;\">\u00c9quilibre entre lumi\u00e8res et t\u00e9n\u00e8bres , gr\u00e2ce auquel l\u2019univers est apparu et continue d\u2019exister. Diptyque 90cmx180cm<\/p>\n\n<\/div>\n<\/div>\n<\/div>\n<div class=\"col-xs-12 col-sm-4 text-center col-md-4 \">\n<div class=\"card no-padding \">\n<div data-hover-fx=\"portfolio-5\" class=\"contentswap-effect\">\n<div class=\"initial-image\"> <img data-size=\"500x333\" src=\"http:\/\/myriambenoliel.com\/wp-content\/uploads\/2021\/05\/Yessod-fondement-des-forces-de-l_ame-et-des-plans-etheriques-de-la-vie-scaled.jpg\"><\/div>\n<div class=\"overlay bg-color6\"><\/div>\n<div class=\"swap-inner col-xs-12\">\n<div class=\"row full-height-row middle-xs middle-sm\">\n<div class=\"col-xs-12 text-center content-holder\"> <a href=\"http:\/\/myriambenoliel.com\/wp-content\/uploads\/2021\/05\/Yessod-fondement-des-forces-de-l_ame-et-des-plans-etheriques-de-la-vie-scaled.jpg\" target=\"_self\" rel=\"noopener noreferrer\" class=\"\"><i class=\"fa icon portfolio-icon fa-search big color3\" aria-hidden=\"true\"><\/i><\/a><\/div>\n<\/div>\n<\/div>\n<\/div>\n<div class=\"space-bottom space-top col-xs-12\" data-type=\"column\">\n<h4 class=\"\"><span style=\"font-weight: 600;\">Yessod<\/span><\/h4>\n<p class=\"small italic\" style=\"text-align: justify;\">Fondement des forces de l\u2019\u00e2me et des plans \u00e9th\u00e9riques de la vie. Diptyque 90cmx180cm<\/p>\n\n<\/div>\n<\/div>\n<\/div>\n<div class=\"col-xs-12 col-sm-4 text-center col-md-4 \">\n<div class=\"card no-padding \">\n<div data-hover-fx=\"portfolio-5\" class=\"contentswap-effect\">\n<div class=\"initial-image\"> <img data-size=\"500x333\" src=\"http:\/\/myriambenoliel.com\/wp-content\/uploads\/2021\/05\/Hurle-la-solitude-sur-la-face-de-l_abime-scaled.jpg\"><\/div>\n<div class=\"overlay bg-color6\"><\/div>\n<div class=\"swap-inner col-xs-12\">\n<div class=\"row full-height-row middle-xs middle-sm\">\n<div class=\"col-xs-12 text-center content-holder\"> <a href=\"http:\/\/myriambenoliel.com\/wp-content\/uploads\/2021\/05\/Hurle-la-solitude-sur-la-face-de-l_abime-scaled.jpg\" target=\"_self\" rel=\"noopener noreferrer\" class=\"\"><i class=\"fa icon portfolio-icon fa-search big color3\" aria-hidden=\"true\"><\/i><\/a><\/div>\n<\/div>\n<\/div>\n<\/div>\n<div class=\"space-bottom space-top col-xs-12\" data-type=\"column\">\n<h4 class=\"\"><span style=\"font-weight: 600;\">Hurle la solitude sur la face de l\u2019ab\u00eeme<\/span><\/h4>\n<p class=\"small italic\" style=\"text-align: justify;\">Le n\u00e9ant, le vide, juste avant la cr\u00e9ation de l\u2019\u00e9tincelle de vie. Quadriptyque 100x200cm<\/p>\n\n<\/div>\n<\/div>\n<\/div>\n<\/div>\n<div class=\"row\">\n<div data-type=\"column\" class=\"col-xs-12 text-center\"><\/div>\n<\/div>\n<\/div>\n<\/div>","protected":false},"excerpt":{"rendered":"<p>Period 1 La t\u00eate dans les \u00e9toiles Discover Period 2 Conscience Discover Period 3 Sound Discover &nbsp;\u2013 Period 4 \u2013 Shadows Discover Genesis Ma vision personnelle de \u00ab La cr\u00e9ation d\u2019 Adam \u00bb de Michel-Ange. 130x190cm Covid in New york The pandemic like a plague falling on an asphalt city. 100\u00d780cm Pray for Lebanon La&hellip; <br \/> <a class=\"read-more\" href=\"http:\/\/myriambenoliel.com\/index.php\/the-gallery-period-4\/\">Read more<\/a><\/p>\n","protected":false},"author":1,"featured_media":0,"parent":0,"menu_order":0,"comment_status":"closed","ping_status":"closed","template":"pro\/page-templates\/full-width-page.php","meta":[],"featured_image_urls":{"full":"","thumbnail":"","medium":"","medium_large":"","large":"","1536x1536":"","2048x2048":"","maxphotography_806_775":"","maxphotography_86_86":"","maxphotography_870_443":"","maxphotography_66_66":"","maxphotography_75_75":"","maxphotography_322_637":"","maxphotography_370_336":"","maxphotography_100_98":"","maxphotography_1170_700":"","maxphotography_582_500":"","maxphotography_391_381":"","maxphotography_475_968":"","maxphotography_475_480":"","maxphotography_950_480":"","post-thumbnail":"","mesmerize-full-hd":""},"post_excerpt_stackable":"<p>Period 1 La t\u00eate dans les \u00e9toiles Discover Period 2 Conscience Discover Period 3 Sound Discover &nbsp;\u2013 Period 4 \u2013 Shadows Discover Genesis Ma vision personnelle de \u00ab La cr\u00e9ation d\u2019 Adam \u00bb de Michel-Ange. 130x190cm Covid in New york The pandemic like a plague falling on an asphalt city. 100\u00d780cm Pray for Lebanon La trag\u00e9die, un c\u00e8dre disloqu\u00e9 sur fond de relief c\u00f4tier. 80x100cm Dancing shadows Des spectres tels des ombres chinoises agissant dans une autre dimension sur le th\u00e9\u00e2tre du cours de nos vies. Diptyique 100x100cm Roots of Destiny Sillons \u00e9manant d\u2019un fatalisme, pliant sous la volont\u00e9 du\u2026<\/p>\n","category_list":"","author_info":{"name":"myriamy","url":"http:\/\/myriambenoliel.com\/index.php\/author\/myriamy\/"},"comments_num":"0 comments","yoast_head":"<!-- This site is optimized with the Yoast SEO plugin v18.5.1 - https:\/\/yoast.com\/wordpress\/plugins\/seo\/ -->\n<title>The gallery - Period 4 - Myriam Benoliel, Abstract Painter<\/title>\n<meta name=\"description\" content=\"Myriam Benoliel, The Gallery, Abstract painter based in Paris, France\" \/>\n<meta name=\"robots\" content=\"index, follow, max-snippet:-1, max-image-preview:large, max-video-preview:-1\" \/>\n<link rel=\"canonical\" href=\"http:\/\/myriambenoliel.com\/index.php\/the-gallery-period-4\/\" \/>\n<meta property=\"og:locale\" content=\"fr_FR\" \/>\n<meta property=\"og:type\" content=\"article\" \/>\n<meta property=\"og:title\" content=\"The gallery - Period 4 - Myriam Benoliel, Abstract Painter\" \/>\n<meta property=\"og:description\" content=\"Myriam Benoliel, The Gallery, Abstract painter based in Paris, France\" \/>\n<meta property=\"og:url\" content=\"http:\/\/myriambenoliel.com\/index.php\/the-gallery-period-4\/\" \/>\n<meta property=\"og:site_name\" content=\"Myriam Benoliel, Abstract Painter\" \/>\n<meta property=\"article:modified_time\" content=\"2022-04-07T14:27:58+00:00\" \/>\n<meta property=\"og:image\" content=\"http:\/\/myriambenoliel.com\/wp-content\/uploads\/2021\/05\/genesis-scaled.jpg\" \/>\n<meta name=\"twitter:card\" content=\"summary_large_image\" \/>\n<meta name=\"twitter:label1\" content=\"Dur\u00e9e de lecture estim\u00e9e\" \/>\n\t<meta name=\"twitter:data1\" content=\"3 minutes\" \/>\n<script type=\"application\/ld+json\" class=\"yoast-schema-graph\">{\"@context\":\"https:\/\/schema.org\",\"@graph\":[{\"@type\":\"WebSite\",\"@id\":\"http:\/\/myriambenoliel.com\/#website\",\"url\":\"http:\/\/myriambenoliel.com\/\",\"name\":\"Myriam Benoliel, Abstract Painter\",\"description\":\"Abstract Painter\",\"potentialAction\":[{\"@type\":\"SearchAction\",\"target\":{\"@type\":\"EntryPoint\",\"urlTemplate\":\"http:\/\/myriambenoliel.com\/?s={search_term_string}\"},\"query-input\":\"required name=search_term_string\"}],\"inLanguage\":\"fr-FR\"},{\"@type\":\"ImageObject\",\"@id\":\"http:\/\/myriambenoliel.com\/index.php\/the-gallery-period-4\/#primaryimage\",\"inLanguage\":\"fr-FR\",\"url\":\"http:\/\/myriambenoliel.com\/wp-content\/uploads\/2021\/05\/genesis-scaled.jpg\",\"contentUrl\":\"http:\/\/myriambenoliel.com\/wp-content\/uploads\/2021\/05\/genesis-scaled.jpg\",\"width\":2560,\"height\":1725},{\"@type\":\"WebPage\",\"@id\":\"http:\/\/myriambenoliel.com\/index.php\/the-gallery-period-4\/#webpage\",\"url\":\"http:\/\/myriambenoliel.com\/index.php\/the-gallery-period-4\/\",\"name\":\"The gallery - Period 4 - Myriam Benoliel, Abstract Painter\",\"isPartOf\":{\"@id\":\"http:\/\/myriambenoliel.com\/#website\"},\"primaryImageOfPage\":{\"@id\":\"http:\/\/myriambenoliel.com\/index.php\/the-gallery-period-4\/#primaryimage\"},\"datePublished\":\"2022-03-12T17:41:49+00:00\",\"dateModified\":\"2022-04-07T14:27:58+00:00\",\"description\":\"Myriam Benoliel, The Gallery, Abstract painter based in Paris, France\",\"breadcrumb\":{\"@id\":\"http:\/\/myriambenoliel.com\/index.php\/the-gallery-period-4\/#breadcrumb\"},\"inLanguage\":\"fr-FR\",\"potentialAction\":[{\"@type\":\"ReadAction\",\"target\":[\"http:\/\/myriambenoliel.com\/index.php\/the-gallery-period-4\/\"]}]},{\"@type\":\"BreadcrumbList\",\"@id\":\"http:\/\/myriambenoliel.com\/index.php\/the-gallery-period-4\/#breadcrumb\",\"itemListElement\":[{\"@type\":\"ListItem\",\"position\":1,\"name\":\"Accueil\",\"item\":\"http:\/\/myriambenoliel.com\/\"},{\"@type\":\"ListItem\",\"position\":2,\"name\":\"The gallery &#8211; Period 4\"}]}]}<\/script>\n<!-- \/ Yoast SEO plugin. -->","yoast_head_json":{"title":"The gallery - Period 4 - Myriam Benoliel, Abstract Painter","description":"Myriam Benoliel, The Gallery, Abstract painter based in Paris, France","robots":{"index":"index","follow":"follow","max-snippet":"max-snippet:-1","max-image-preview":"max-image-preview:large","max-video-preview":"max-video-preview:-1"},"canonical":"http:\/\/myriambenoliel.com\/index.php\/the-gallery-period-4\/","og_locale":"fr_FR","og_type":"article","og_title":"The gallery - Period 4 - Myriam Benoliel, Abstract Painter","og_description":"Myriam Benoliel, The Gallery, Abstract painter based in Paris, France","og_url":"http:\/\/myriambenoliel.com\/index.php\/the-gallery-period-4\/","og_site_name":"Myriam Benoliel, Abstract Painter","article_modified_time":"2022-04-07T14:27:58+00:00","og_image":[{"url":"http:\/\/myriambenoliel.com\/wp-content\/uploads\/2021\/05\/genesis-scaled.jpg"}],"twitter_card":"summary_large_image","twitter_misc":{"Dur\u00e9e de lecture estim\u00e9e":"3 minutes"},"schema":{"@context":"https:\/\/schema.org","@graph":[{"@type":"WebSite","@id":"http:\/\/myriambenoliel.com\/#website","url":"http:\/\/myriambenoliel.com\/","name":"Myriam Benoliel, Abstract Painter","description":"Abstract Painter","potentialAction":[{"@type":"SearchAction","target":{"@type":"EntryPoint","urlTemplate":"http:\/\/myriambenoliel.com\/?s={search_term_string}"},"query-input":"required name=search_term_string"}],"inLanguage":"fr-FR"},{"@type":"ImageObject","@id":"http:\/\/myriambenoliel.com\/index.php\/the-gallery-period-4\/#primaryimage","inLanguage":"fr-FR","url":"http:\/\/myriambenoliel.com\/wp-content\/uploads\/2021\/05\/genesis-scaled.jpg","contentUrl":"http:\/\/myriambenoliel.com\/wp-content\/uploads\/2021\/05\/genesis-scaled.jpg","width":2560,"height":1725},{"@type":"WebPage","@id":"http:\/\/myriambenoliel.com\/index.php\/the-gallery-period-4\/#webpage","url":"http:\/\/myriambenoliel.com\/index.php\/the-gallery-period-4\/","name":"The gallery - Period 4 - Myriam Benoliel, Abstract Painter","isPartOf":{"@id":"http:\/\/myriambenoliel.com\/#website"},"primaryImageOfPage":{"@id":"http:\/\/myriambenoliel.com\/index.php\/the-gallery-period-4\/#primaryimage"},"datePublished":"2022-03-12T17:41:49+00:00","dateModified":"2022-04-07T14:27:58+00:00","description":"Myriam Benoliel, The Gallery, Abstract painter based in Paris, France","breadcrumb":{"@id":"http:\/\/myriambenoliel.com\/index.php\/the-gallery-period-4\/#breadcrumb"},"inLanguage":"fr-FR","potentialAction":[{"@type":"ReadAction","target":["http:\/\/myriambenoliel.com\/index.php\/the-gallery-period-4\/"]}]},{"@type":"BreadcrumbList","@id":"http:\/\/myriambenoliel.com\/index.php\/the-gallery-period-4\/#breadcrumb","itemListElement":[{"@type":"ListItem","position":1,"name":"Accueil","item":"http:\/\/myriambenoliel.com\/"},{"@type":"ListItem","position":2,"name":"The gallery &#8211; Period 4"}]}]}},"_links":{"self":[{"href":"http:\/\/myriambenoliel.com\/index.php\/wp-json\/wp\/v2\/pages\/1024"}],"collection":[{"href":"http:\/\/myriambenoliel.com\/index.php\/wp-json\/wp\/v2\/pages"}],"about":[{"href":"http:\/\/myriambenoliel.com\/index.php\/wp-json\/wp\/v2\/types\/page"}],"author":[{"embeddable":true,"href":"http:\/\/myriambenoliel.com\/index.php\/wp-json\/wp\/v2\/users\/1"}],"replies":[{"embeddable":true,"href":"http:\/\/myriambenoliel.com\/index.php\/wp-json\/wp\/v2\/comments?post=1024"}],"version-history":[{"count":30,"href":"http:\/\/myriambenoliel.com\/index.php\/wp-json\/wp\/v2\/pages\/1024\/revisions"}],"predecessor-version":[{"id":1256,"href":"http:\/\/myriambenoliel.com\/index.php\/wp-json\/wp\/v2\/pages\/1024\/revisions\/1256"}],"wp:attachment":[{"href":"http:\/\/myriambenoliel.com\/index.php\/wp-json\/wp\/v2\/media?parent=1024"}],"curies":[{"name":"wp","href":"https:\/\/api.w.org\/{rel}","templated":true}]}}