{"id":1020,"date":"2022-03-12T18:40:30","date_gmt":"2022-03-12T17:40:30","guid":{"rendered":"http:\/\/myriamy.cluster030.hosting.ovh.net\/myriambenoliel\/?page_id=1020"},"modified":"2022-04-07T16:24:53","modified_gmt":"2022-04-07T14:24:53","slug":"the-gallery-period-2","status":"publish","type":"page","link":"http:\/\/myriambenoliel.com\/index.php\/the-gallery-period-2\/","title":{"rendered":"The gallery &#8211; Period 2"},"content":{"rendered":"<div  data-label=\"Features\" data-id=\"features--1\" data-export-id=\"features-13\" data-category=\"features\" class=\"features-13 content-section content-section-spacing\" id=\"features-1\" style=\"background-color: rgb(255, 255, 255); background-image: none;\"><div  class=\"gridContainer\"> <div  class=\"row text-center\"><div  class=\"section-title-col\" data-type=\"column\">  <\/div> <\/div> <div  class=\"row spaced-cols center-sm\" data-type=\"row\"> <div  class=\"col col-sm-6 col-md-3 space-bottom\">  <h4  class=\"\">Period 1<\/h4> <p  class=\"\">La t\u00eate dans les \u00e9toiles<\/p> <a class=\"button y-move small color3 square\" href=\"http:\/\/myriambenoliel.com\/index.php\/the-gallery\" target=\"_self\" data-cp-link=\"1\" data-icon=\"\" rel=\"noopener noreferrer\">Discover<\/a><\/div> <div  class=\"col col-sm-6 col-md-3 space-bottom\"> <h4  class=\"\"><span  style=\"font-weight: 700; color: rgb(1, 155, 152);\">&nbsp;\u2013 Period 2 \u2013<\/span><\/h4> <p  class=\"\"><span  style=\"color: rgb(1, 155, 152); font-weight: 600;\">Conscience<\/span><\/p> <a class=\"button y-move small color3 square\" href=\"http:\/\/myriambenoliel.com\/index.php\/the-gallery-period-2\" target=\"_self\" data-cp-link=\"1\" data-icon=\"\" rel=\"noopener noreferrer\">Discover<\/a><\/div> <div  class=\"col col-sm-6 col-md-3 space-bottom\"> <h4  class=\"\">Period 3<\/h4> <p  class=\"\">Sound<\/p> <a class=\"button y-move small color3 square\" href=\"http:\/\/myriambenoliel.com\/index.php\/the-gallery-period-3\" target=\"_self\" data-cp-link=\"1\" data-icon=\"\" rel=\"noopener noreferrer\">Discover<\/a><\/div>  <div  class=\"col col-sm-6 col-md-3 space-bottom\">  <h4  class=\"\">Period 4<\/h4> <p  class=\"\">Shadows<\/p> <a class=\"button y-move small color3 square\" href=\"http:\/\/myriambenoliel.com\/index.php\/the-gallery-period-4\" target=\"_self\" data-cp-link=\"1\" data-icon=\"\" rel=\"noopener noreferrer\">Discover<\/a><\/div><\/div><\/div> <\/div><div  data-label=\"Portfolio\" data-id=\"portfolio--3\" data-export-id=\"portfolio-6\" data-category=\"portfolio\" class=\"portfolio-6 content-section content-section-spacing\" id=\"portfolio-3\" style=\"background-color: rgb(255, 255, 255);\"><div  class=\"gridContainer\"> <div  class=\"row text-center\"><div  class=\"section-title-col\" data-type=\"column\">  <\/div> <\/div> <div  class=\"row space-bottom spaced-cols center-sm\" data-type=\"row\"> <div  class=\"col-xs-12 col-sm-4 text-center col-md-4 \"> <div  class=\"card no-padding \"> <div  data-hover-fx=\"portfolio-5\" class=\"contentswap-effect\"> <div  class=\"initial-image\"> <img  data-size=\"500x333\" src=\"http:\/\/myriambenoliel.com\/wp-content\/uploads\/2021\/05\/Coma-scaled.jpg\"><\/div> <div  class=\"overlay bg-color6\"><\/div> <div  class=\"swap-inner col-xs-12\"> <div  class=\"row full-height-row middle-xs middle-sm\"> <div  class=\"col-xs-12 text-center content-holder\"> <a href=\"http:\/\/myriambenoliel.com\/wp-content\/uploads\/2021\/05\/Coma-scaled.jpg\" target=\"lightbox\" rel=\"noopener noreferrer\" class=\"\"><i  class=\"fa icon portfolio-icon fa-search big color3\" aria-hidden=\"true\"><\/i><\/a><\/div> <\/div><\/div> <\/div> <div  class=\"space-bottom space-top col-xs-12\" data-type=\"column\"> <h4  class=\"\"><span  style=\"font-weight: 600;\">Coma<\/span><\/h4> <p  class=\"small italic\" style=\"text-align: justify;\">L\u2019alt\u00e9ration de conscience est repr\u00e9sent\u00e9e par la profondeur. Un d\u00e9s\u00e9quilibre \u00e9lectrique entre la moiti\u00e9 \u00e9merg\u00e9e et la moiti\u00e9 immerg\u00e9e illustre la souffrance c\u00e9r\u00e9brale. 80 x 80cm<\/p><\/div> <\/div><\/div>   <div  class=\"col-xs-12 col-sm-4 text-center col-md-4 \"> <div  class=\"card no-padding \"> <div  data-hover-fx=\"portfolio-5\" class=\"contentswap-effect\"> <div  class=\"initial-image\"> <img  data-size=\"500x333\" src=\"http:\/\/myriambenoliel.com\/wp-content\/uploads\/2021\/05\/Abyss-scaled.jpg\"><\/div> <div  class=\"overlay bg-color6\"><\/div> <div  class=\"swap-inner col-xs-12\"> <div  class=\"row full-height-row middle-xs middle-sm\"> <div  class=\"col-xs-12 text-center content-holder\"> <a href=\"http:\/\/myriambenoliel.com\/wp-content\/uploads\/2021\/05\/Abyss-scaled.jpg\" target=\"lightbox\" rel=\"noopener noreferrer\" class=\"\"><i  class=\"fa icon portfolio-icon fa-search big color3\" aria-hidden=\"true\"><\/i><\/a><\/div> <\/div><\/div> <\/div> <div  class=\"space-bottom space-top col-xs-12\" data-type=\"column\"> <h4  class=\"\"><span  style=\"font-weight: 600;\">Abyss<\/span><\/h4> <p  class=\"small italic\" style=\"text-align: justify;\">Fosse et source hydrothermale \u00e9vacuant la chaleur interne de la Terre. Oasis de Vie riche en structures min\u00e9rales.<br >80 x 80cm\r\n<\/p><\/div> <\/div><\/div><div  class=\"col-xs-12 col-sm-4 text-center col-md-4 \"> <div  class=\"card no-padding \"> <div  data-hover-fx=\"portfolio-5\" class=\"contentswap-effect\"> <div  class=\"initial-image\"> <img  data-size=\"500x333\" src=\"http:\/\/myriambenoliel.com\/wp-content\/uploads\/2021\/05\/View-from-an-inner-seclusion-scaled.jpg\"><\/div> <div  class=\"overlay bg-color6\"><\/div> <div  class=\"swap-inner col-xs-12\"> <div  class=\"row full-height-row middle-xs middle-sm\"> <div  class=\"col-xs-12 text-center content-holder\"> <a href=\"http:\/\/myriambenoliel.com\/wp-content\/uploads\/2021\/05\/View-from-an-inner-seclusion-scaled.jpg\" target=\"lightbox\" rel=\"noopener noreferrer\" class=\"\"><i  class=\"fa icon portfolio-icon fa-search big color3\" aria-hidden=\"true\"><\/i><\/a><\/div> <\/div><\/div> <\/div> <div  class=\"space-bottom space-top col-xs-12\" data-type=\"column\"> <h4  class=\"\"><span  style=\"font-weight: 600;\">View from an inner seclusion<\/span><\/h4> <p  class=\"small italic\" style=\"text-align: justify;\">Un \u00e9tat psychique dissoci\u00e9, sans lien avec le monde ext\u00e9rieur.&nbsp;80 x 80cm\r\n\r\n<br ><\/p><\/div> <\/div><\/div><\/div> <div  class=\"row\"> <div  data-type=\"column\" class=\"col-xs-12 text-center\"> <\/div> <\/div><\/div> <\/div><div  data-label=\"Portfolio\" data-id=\"portfolio--4\" data-export-id=\"portfolio-6\" data-category=\"portfolio\" class=\"portfolio-6 content-section content-section-spacing\" id=\"portfolio-4\" style=\"background-color: rgb(255, 255, 255); background-image: none;\"><div  class=\"gridContainer\"> <div  class=\"row text-center\"><div  class=\"section-title-col\" data-type=\"column\">  <\/div> <\/div> <div  class=\"row space-bottom spaced-cols center-sm\" data-type=\"row\"> <div  class=\"col-xs-12 col-sm-4 text-center col-md-4\"> <div  class=\"card no-padding \"> <div  data-hover-fx=\"portfolio-5\" class=\"contentswap-effect\"> <div  class=\"initial-image\"> <img  data-size=\"500x333\" src=\"http:\/\/myriambenoliel.com\/wp-content\/uploads\/2021\/05\/Amnesia-a-memory-fading-away.jpg\"><\/div> <div  class=\"overlay bg-color6\"><\/div> <div  class=\"swap-inner col-xs-12\"> <div  class=\"row full-height-row middle-xs middle-sm\"> <div  class=\"col-xs-12 text-center content-holder\"> <a href=\"http:\/\/myriambenoliel.com\/wp-content\/uploads\/2021\/05\/Amnesia-a-memory-fading-away.jpg\" target=\"lightbox\" rel=\"noopener noreferrer\" class=\"\"><i  class=\"fa icon portfolio-icon fa-search big color3\" aria-hidden=\"true\"><\/i><\/a><\/div> <\/div><\/div> <\/div> <div  class=\"space-bottom space-top col-xs-12\" data-type=\"column\"> <h4  class=\"\"><span  style=\"font-weight: 600;\">Amnesia<\/span><\/h4> <p  class=\"small italic\" style=\"text-align: justify;\">A memory fading away un souvenir dont juste la lumi\u00e8re de l\u2019instant heureux persiste. 90cmx90cm<br >\r\n<\/p><\/div> <\/div><\/div><div  class=\"col-xs-12 col-sm-4 text-center col-md-4\"> <div  class=\"card no-padding \"> <div  data-hover-fx=\"portfolio-5\" class=\"contentswap-effect\"> <div  class=\"initial-image\"> <img  data-size=\"500x333\" src=\"http:\/\/myriambenoliel.com\/wp-content\/uploads\/2021\/05\/Schizogenese.jpg\"><\/div> <div  class=\"overlay bg-color6\"><\/div> <div  class=\"swap-inner col-xs-12\"> <div  class=\"row full-height-row middle-xs middle-sm\"> <div  class=\"col-xs-12 text-center content-holder\"> <a href=\"http:\/\/myriambenoliel.com\/wp-content\/uploads\/2021\/05\/Schizogenese.jpg\" target=\"lightbox\" rel=\"noopener noreferrer\" class=\"\"><i  class=\"fa icon portfolio-icon fa-search big color3\" aria-hidden=\"true\"><\/i><\/a><\/div> <\/div><\/div> <\/div> <div  class=\"space-bottom space-top col-xs-12\" data-type=\"column\"> <h4  class=\"\"><span  style=\"font-weight: 600;\">Schizogenesis<\/span><\/h4> <p  class=\"small italic\" style=\"text-align: justify;\">Fracture d\u2019 un \u00eatre bris\u00e9, \u00e0 la conscience alt\u00e9r\u00e9e, perdant le contr\u00f4le de sa pens\u00e9e logique. 90cmx90cm<br >\r\n<\/p><\/div> <\/div><\/div><div  class=\"col-xs-12 col-sm-4 text-center col-md-4 \"> <div  class=\"card no-padding \"> <div  data-hover-fx=\"portfolio-5\" class=\"contentswap-effect\"> <div  class=\"initial-image\"> <img  data-size=\"500x333\" src=\"http:\/\/myriambenoliel.com\/wp-content\/uploads\/2021\/05\/Dichotomy-scaled.jpg\"><\/div> <div  class=\"overlay bg-color6\"><\/div> <div  class=\"swap-inner col-xs-12\"> <div  class=\"row full-height-row middle-xs middle-sm\"> <div  class=\"col-xs-12 text-center content-holder\"> <a href=\"http:\/\/myriambenoliel.com\/wp-content\/uploads\/2021\/05\/Dichotomy-scaled.jpg\" target=\"lightbox\" rel=\"noopener noreferrer\" class=\"\"><i  class=\"fa icon portfolio-icon fa-search big color3\" aria-hidden=\"true\"><\/i><\/a><\/div> <\/div><\/div> <\/div> <div  class=\"space-bottom space-top col-xs-12\" data-type=\"column\"> <h4  class=\"\"><span  style=\"font-weight: 600;\">Dichotomy<\/span><\/h4> <p  class=\"small italic\" style=\"text-align: justify;\">Nous sommes fait de la somme de nos conflits int\u00e9rieurs et et de notre libre arbitre. Diptyque 90 x 180cm\r\n<br >\r\n<br ><br >\r\n<br ><br ><br >\r\n<br ><br >\r\n\r\n<\/p><\/div> <\/div><\/div> <div  class=\"col-xs-12 col-sm-4 text-center col-md-4 \"><div  class=\"card no-padding \"> <div  data-hover-fx=\"portfolio-5\" class=\"contentswap-effect\"><div  class=\"initial-image\"> <img  data-size=\"500x333\" src=\"http:\/\/myriambenoliel.com\/wp-content\/uploads\/2022\/03\/View-of-a.jpg\"><\/div> <div  class=\"overlay bg-color6\"><\/div> <div  class=\"swap-inner col-xs-12\"> <div  class=\"row full-height-row middle-xs middle-sm\"> <div  class=\"col-xs-12 text-center content-holder\"> <a href=\"http:\/\/myriambenoliel.com\/wp-content\/uploads\/2022\/03\/View-of-a.jpg\" target=\"lightbox\" rel=\"noopener noreferrer\" class=\"\"><i  class=\"fa icon portfolio-icon fa-search big color3\" aria-hidden=\"true\"><\/i><\/a><\/div> <\/div><\/div> <\/div> <div  class=\"space-bottom space-top col-xs-12\" data-type=\"column\"> <h4  class=\"\"><span  style=\"font-weight: 600;\">View of a twisted mind<\/span><\/h4> <p  class=\"small italic\" style=\"text-align: justify;\">Une conscience individuelle oppress\u00e9e par le regard des autres , l\u2019\u00e9ducation, et l\u2019organisation morale, religieuse et politique de la soci\u00e9t\u00e9. Diptyque 70 x 100cm\r\n<br ><br >\r\n<br ><br >\r\n<\/p><\/div> <\/div><\/div>  <\/div> <div  class=\"row\"> <div  data-type=\"column\" class=\"col-xs-12 text-center\"> <\/div> <\/div><\/div> <\/div>","protected":false},"excerpt":{"rendered":"<p>Period 1 La t\u00eate dans les \u00e9toiles Discover &nbsp;\u2013 Period 2 \u2013 Conscience Discover Period 3 Sound Discover Period 4 Shadows Discover Coma L\u2019alt\u00e9ration de conscience est repr\u00e9sent\u00e9e par la profondeur. Un d\u00e9s\u00e9quilibre \u00e9lectrique entre la moiti\u00e9 \u00e9merg\u00e9e et la moiti\u00e9 immerg\u00e9e illustre la souffrance c\u00e9r\u00e9brale. 80 x 80cm Abyss Fosse et source hydrothermale \u00e9vacuant&hellip; <br \/> <a class=\"read-more\" href=\"http:\/\/myriambenoliel.com\/index.php\/the-gallery-period-2\/\">Read more<\/a><\/p>\n","protected":false},"author":1,"featured_media":0,"parent":0,"menu_order":0,"comment_status":"closed","ping_status":"closed","template":"pro\/page-templates\/full-width-page.php","meta":[],"featured_image_urls":{"full":"","thumbnail":"","medium":"","medium_large":"","large":"","1536x1536":"","2048x2048":"","maxphotography_806_775":"","maxphotography_86_86":"","maxphotography_870_443":"","maxphotography_66_66":"","maxphotography_75_75":"","maxphotography_322_637":"","maxphotography_370_336":"","maxphotography_100_98":"","maxphotography_1170_700":"","maxphotography_582_500":"","maxphotography_391_381":"","maxphotography_475_968":"","maxphotography_475_480":"","maxphotography_950_480":"","post-thumbnail":"","mesmerize-full-hd":""},"post_excerpt_stackable":"<p>Period 1 La t\u00eate dans les \u00e9toiles Discover &nbsp;\u2013 Period 2 \u2013 Conscience Discover Period 3 Sound Discover Period 4 Shadows Discover Coma L\u2019alt\u00e9ration de conscience est repr\u00e9sent\u00e9e par la profondeur. Un d\u00e9s\u00e9quilibre \u00e9lectrique entre la moiti\u00e9 \u00e9merg\u00e9e et la moiti\u00e9 immerg\u00e9e illustre la souffrance c\u00e9r\u00e9brale. 80 x 80cm Abyss Fosse et source hydrothermale \u00e9vacuant la chaleur interne de la Terre. Oasis de Vie riche en structures min\u00e9rales.80 x 80cm View from an inner seclusion Un \u00e9tat psychique dissoci\u00e9, sans lien avec le monde ext\u00e9rieur.&nbsp;80 x 80cm Amnesia A memory fading away un souvenir dont juste la lumi\u00e8re de l\u2019instant\u2026<\/p>\n","category_list":"","author_info":{"name":"myriamy","url":"http:\/\/myriambenoliel.com\/index.php\/author\/myriamy\/"},"comments_num":"0 comments","yoast_head":"<!-- This site is optimized with the Yoast SEO plugin v18.5.1 - https:\/\/yoast.com\/wordpress\/plugins\/seo\/ -->\n<title>The gallery - Period 2 - Myriam Benoliel, Abstract Painter<\/title>\n<meta name=\"description\" content=\"Myriam Benoliel, the Gallery, Abstrat painter based in Paris, France.\" \/>\n<meta name=\"robots\" content=\"index, follow, max-snippet:-1, max-image-preview:large, max-video-preview:-1\" \/>\n<link rel=\"canonical\" href=\"http:\/\/myriambenoliel.com\/index.php\/the-gallery-period-2\/\" \/>\n<meta property=\"og:locale\" content=\"fr_FR\" \/>\n<meta property=\"og:type\" content=\"article\" \/>\n<meta property=\"og:title\" content=\"The gallery - Period 2 - Myriam Benoliel, Abstract Painter\" \/>\n<meta property=\"og:description\" content=\"Myriam Benoliel, the Gallery, Abstrat painter based in Paris, France.\" \/>\n<meta property=\"og:url\" content=\"http:\/\/myriambenoliel.com\/index.php\/the-gallery-period-2\/\" \/>\n<meta property=\"og:site_name\" content=\"Myriam Benoliel, Abstract Painter\" \/>\n<meta property=\"article:modified_time\" content=\"2022-04-07T14:24:53+00:00\" \/>\n<meta property=\"og:image\" content=\"http:\/\/myriambenoliel.com\/wp-content\/uploads\/2021\/05\/Coma-scaled.jpg\" \/>\n<meta name=\"twitter:card\" content=\"summary_large_image\" \/>\n<meta name=\"twitter:label1\" content=\"Dur\u00e9e de lecture estim\u00e9e\" \/>\n\t<meta name=\"twitter:data1\" content=\"1 minute\" \/>\n<script type=\"application\/ld+json\" class=\"yoast-schema-graph\">{\"@context\":\"https:\/\/schema.org\",\"@graph\":[{\"@type\":\"WebSite\",\"@id\":\"http:\/\/myriambenoliel.com\/#website\",\"url\":\"http:\/\/myriambenoliel.com\/\",\"name\":\"Myriam Benoliel, Abstract Painter\",\"description\":\"Abstract Painter\",\"potentialAction\":[{\"@type\":\"SearchAction\",\"target\":{\"@type\":\"EntryPoint\",\"urlTemplate\":\"http:\/\/myriambenoliel.com\/?s={search_term_string}\"},\"query-input\":\"required name=search_term_string\"}],\"inLanguage\":\"fr-FR\"},{\"@type\":\"ImageObject\",\"@id\":\"http:\/\/myriambenoliel.com\/index.php\/the-gallery-period-2\/#primaryimage\",\"inLanguage\":\"fr-FR\",\"url\":\"http:\/\/myriambenoliel.com\/wp-content\/uploads\/2021\/05\/Coma-scaled.jpg\",\"contentUrl\":\"http:\/\/myriambenoliel.com\/wp-content\/uploads\/2021\/05\/Coma-scaled.jpg\",\"width\":2560,\"height\":2560},{\"@type\":\"WebPage\",\"@id\":\"http:\/\/myriambenoliel.com\/index.php\/the-gallery-period-2\/#webpage\",\"url\":\"http:\/\/myriambenoliel.com\/index.php\/the-gallery-period-2\/\",\"name\":\"The gallery - Period 2 - Myriam Benoliel, Abstract Painter\",\"isPartOf\":{\"@id\":\"http:\/\/myriambenoliel.com\/#website\"},\"primaryImageOfPage\":{\"@id\":\"http:\/\/myriambenoliel.com\/index.php\/the-gallery-period-2\/#primaryimage\"},\"datePublished\":\"2022-03-12T17:40:30+00:00\",\"dateModified\":\"2022-04-07T14:24:53+00:00\",\"description\":\"Myriam Benoliel, the Gallery, Abstrat painter based in Paris, France.\",\"breadcrumb\":{\"@id\":\"http:\/\/myriambenoliel.com\/index.php\/the-gallery-period-2\/#breadcrumb\"},\"inLanguage\":\"fr-FR\",\"potentialAction\":[{\"@type\":\"ReadAction\",\"target\":[\"http:\/\/myriambenoliel.com\/index.php\/the-gallery-period-2\/\"]}]},{\"@type\":\"BreadcrumbList\",\"@id\":\"http:\/\/myriambenoliel.com\/index.php\/the-gallery-period-2\/#breadcrumb\",\"itemListElement\":[{\"@type\":\"ListItem\",\"position\":1,\"name\":\"Accueil\",\"item\":\"http:\/\/myriambenoliel.com\/\"},{\"@type\":\"ListItem\",\"position\":2,\"name\":\"The gallery &#8211; Period 2\"}]}]}<\/script>\n<!-- \/ Yoast SEO plugin. -->","yoast_head_json":{"title":"The gallery - Period 2 - Myriam Benoliel, Abstract Painter","description":"Myriam Benoliel, the Gallery, Abstrat painter based in Paris, France.","robots":{"index":"index","follow":"follow","max-snippet":"max-snippet:-1","max-image-preview":"max-image-preview:large","max-video-preview":"max-video-preview:-1"},"canonical":"http:\/\/myriambenoliel.com\/index.php\/the-gallery-period-2\/","og_locale":"fr_FR","og_type":"article","og_title":"The gallery - Period 2 - Myriam Benoliel, Abstract Painter","og_description":"Myriam Benoliel, the Gallery, Abstrat painter based in Paris, France.","og_url":"http:\/\/myriambenoliel.com\/index.php\/the-gallery-period-2\/","og_site_name":"Myriam Benoliel, Abstract Painter","article_modified_time":"2022-04-07T14:24:53+00:00","og_image":[{"url":"http:\/\/myriambenoliel.com\/wp-content\/uploads\/2021\/05\/Coma-scaled.jpg"}],"twitter_card":"summary_large_image","twitter_misc":{"Dur\u00e9e de lecture estim\u00e9e":"1 minute"},"schema":{"@context":"https:\/\/schema.org","@graph":[{"@type":"WebSite","@id":"http:\/\/myriambenoliel.com\/#website","url":"http:\/\/myriambenoliel.com\/","name":"Myriam Benoliel, Abstract Painter","description":"Abstract Painter","potentialAction":[{"@type":"SearchAction","target":{"@type":"EntryPoint","urlTemplate":"http:\/\/myriambenoliel.com\/?s={search_term_string}"},"query-input":"required name=search_term_string"}],"inLanguage":"fr-FR"},{"@type":"ImageObject","@id":"http:\/\/myriambenoliel.com\/index.php\/the-gallery-period-2\/#primaryimage","inLanguage":"fr-FR","url":"http:\/\/myriambenoliel.com\/wp-content\/uploads\/2021\/05\/Coma-scaled.jpg","contentUrl":"http:\/\/myriambenoliel.com\/wp-content\/uploads\/2021\/05\/Coma-scaled.jpg","width":2560,"height":2560},{"@type":"WebPage","@id":"http:\/\/myriambenoliel.com\/index.php\/the-gallery-period-2\/#webpage","url":"http:\/\/myriambenoliel.com\/index.php\/the-gallery-period-2\/","name":"The gallery - Period 2 - Myriam Benoliel, Abstract Painter","isPartOf":{"@id":"http:\/\/myriambenoliel.com\/#website"},"primaryImageOfPage":{"@id":"http:\/\/myriambenoliel.com\/index.php\/the-gallery-period-2\/#primaryimage"},"datePublished":"2022-03-12T17:40:30+00:00","dateModified":"2022-04-07T14:24:53+00:00","description":"Myriam Benoliel, the Gallery, Abstrat painter based in Paris, France.","breadcrumb":{"@id":"http:\/\/myriambenoliel.com\/index.php\/the-gallery-period-2\/#breadcrumb"},"inLanguage":"fr-FR","potentialAction":[{"@type":"ReadAction","target":["http:\/\/myriambenoliel.com\/index.php\/the-gallery-period-2\/"]}]},{"@type":"BreadcrumbList","@id":"http:\/\/myriambenoliel.com\/index.php\/the-gallery-period-2\/#breadcrumb","itemListElement":[{"@type":"ListItem","position":1,"name":"Accueil","item":"http:\/\/myriambenoliel.com\/"},{"@type":"ListItem","position":2,"name":"The gallery &#8211; Period 2"}]}]}},"_links":{"self":[{"href":"http:\/\/myriambenoliel.com\/index.php\/wp-json\/wp\/v2\/pages\/1020"}],"collection":[{"href":"http:\/\/myriambenoliel.com\/index.php\/wp-json\/wp\/v2\/pages"}],"about":[{"href":"http:\/\/myriambenoliel.com\/index.php\/wp-json\/wp\/v2\/types\/page"}],"author":[{"embeddable":true,"href":"http:\/\/myriambenoliel.com\/index.php\/wp-json\/wp\/v2\/users\/1"}],"replies":[{"embeddable":true,"href":"http:\/\/myriambenoliel.com\/index.php\/wp-json\/wp\/v2\/comments?post=1020"}],"version-history":[{"count":18,"href":"http:\/\/myriambenoliel.com\/index.php\/wp-json\/wp\/v2\/pages\/1020\/revisions"}],"predecessor-version":[{"id":1189,"href":"http:\/\/myriambenoliel.com\/index.php\/wp-json\/wp\/v2\/pages\/1020\/revisions\/1189"}],"wp:attachment":[{"href":"http:\/\/myriambenoliel.com\/index.php\/wp-json\/wp\/v2\/media?parent=1020"}],"curies":[{"name":"wp","href":"https:\/\/api.w.org\/{rel}","templated":true}]}}